{"id":286,"date":"2021-05-11T23:13:21","date_gmt":"2021-05-11T23:13:21","guid":{"rendered":"https:\/\/website.hampstead.penega.dev\/?page_id=286"},"modified":"2026-04-28T14:03:56","modified_gmt":"2026-04-28T18:03:56","slug":"camp-de-jour","status":"publish","type":"page","link":"https:\/\/www.hampstead.qc.ca\/fr\/loisirs\/camp-de-jour\/","title":{"rendered":"Camp de jour"},"content":{"rendered":"\t\t<div data-elementor-type=\"wp-page\" data-elementor-id=\"286\" class=\"elementor elementor-286\" data-elementor-post-type=\"page\">\n\t\t\t\t\t\t<section class=\"elementor-section elementor-top-section elementor-element elementor-element-0c7404b elementor-section-boxed elementor-section-height-default elementor-section-height-default\" data-id=\"0c7404b\" data-element_type=\"section\" data-e-type=\"section\">\n\t\t\t\t\t\t<div class=\"elementor-container elementor-column-gap-default\">\n\t\t\t\t\t<div class=\"elementor-column elementor-col-100 elementor-top-column elementor-element elementor-element-de46391\" data-id=\"de46391\" data-element_type=\"column\" data-e-type=\"column\">\n\t\t\t<div class=\"elementor-widget-wrap elementor-element-populated\">\n\t\t\t\t\t\t<div class=\"elementor-element elementor-element-719eb96 elementor-widget__width-initial elementor-widget elementor-widget-heading\" data-id=\"719eb96\" data-element_type=\"widget\" data-e-type=\"widget\" data-widget_type=\"heading.default\">\n\t\t\t\t<div class=\"elementor-widget-container\">\n\t\t\t\t\t<h2 class=\"elementor-heading-title elementor-size-medium\">La Ville de Hampstead est ravie d'annoncer qu'elle offrira cette ann\u00e9e un programme de camp de jour de 8 semaines au centre communautaire Irving L. Adessky du parc Hampstead.  Notre objectif cet \u00e9t\u00e9 est d'offrir un programme s\u00e9curitaire, amusant et diversifi\u00e9 pour que les enfants puissent profiter de leur \u00e9t\u00e9 avec leurs amis. <\/h2>\t\t\t\t<\/div>\n\t\t\t\t<\/div>\n\t\t\t\t\t<\/div>\n\t\t<\/div>\n\t\t\t\t\t<\/div>\n\t\t<\/section>\n\t\t\t\t<section class=\"elementor-section elementor-top-section elementor-element elementor-element-1a92d7f elementor-section-boxed elementor-section-height-default elementor-section-height-default\" data-id=\"1a92d7f\" data-element_type=\"section\" data-e-type=\"section\">\n\t\t\t\t\t\t<div class=\"elementor-container elementor-column-gap-default\">\n\t\t\t\t\t<div class=\"elementor-column elementor-col-100 elementor-top-column elementor-element elementor-element-b9150d1\" data-id=\"b9150d1\" data-element_type=\"column\" data-e-type=\"column\">\n\t\t\t<div class=\"elementor-widget-wrap elementor-element-populated\">\n\t\t\t\t\t\t<div class=\"elementor-element elementor-element-4545190 elementor-widget__width-initial elementor-invisible elementor-widget elementor-widget-toggle\" data-id=\"4545190\" data-element_type=\"widget\" data-e-type=\"widget\" data-settings=\"{&quot;_animation&quot;:&quot;fadeInUp&quot;,&quot;_animation_delay&quot;:500}\" data-widget_type=\"toggle.default\">\n\t\t\t\t<div class=\"elementor-widget-container\">\n\t\t\t\t\t\t\t<div class=\"elementor-toggle\">\n\t\t\t\t\t\t\t<div class=\"elementor-toggle-item\">\n\t\t\t\t\t<div id=\"elementor-tab-title-7261\" class=\"elementor-tab-title\" data-tab=\"1\" role=\"button\" aria-controls=\"elementor-tab-content-7261\" aria-expanded=\"false\">\n\t\t\t\t\t\t\t\t\t\t\t\t<span class=\"elementor-toggle-icon elementor-toggle-icon-left\" aria-hidden=\"true\">\n\t\t\t\t\t\t\t\t\t\t\t\t\t\t\t<span class=\"elementor-toggle-icon-closed\"><i class=\"fas fa-caret-right\"><\/i><\/span>\n\t\t\t\t\t\t\t\t<span class=\"elementor-toggle-icon-opened\"><i class=\"elementor-toggle-icon-opened fas fa-caret-up\"><\/i><\/span>\n\t\t\t\t\t\t\t\t\t\t\t\t\t<\/span>\n\t\t\t\t\t\t\t\t\t\t\t\t<a class=\"elementor-toggle-title\" tabindex=\"0\">Inscriptions 2026<\/a>\n\t\t\t\t\t<\/div>\n\n\t\t\t\t\t<div id=\"elementor-tab-content-7261\" class=\"elementor-tab-content elementor-clearfix\" data-tab=\"1\" role=\"region\" aria-labelledby=\"elementor-tab-title-7261\"><p><span style=\"font-size: 1.6rem; font-family: georgia, palatino, serif;\"><strong>P\u00c9RIODE D&rsquo;INSCRIPTION<\/strong><\/span><\/p><p><span style=\"font-size: 1.6rem; font-family: georgia, palatino, serif;\">L&rsquo;inscription sera ouverte pour <strong>les r\u00e9sidents de la ville de Hampstead le mardi 10 mars 2026 \u00e0 9H.<\/strong><\/span><\/p><p><span style=\"font-size: 1.6rem; font-family: georgia, palatino, serif;\">D\u00e8s r\u00e9ception de votre formulaire d&rsquo;inscription, vous recevrez par courriel une facture avec des options de paiement en ligne en fonction de l&rsquo;heure. <strong><u>50% des frais de camp sont dus au moment de l&rsquo;inscription et l&rsquo;autre 50% est d\u00fb avant le 15 mai.<\/u><\/strong><strong>\u00a0 <\/strong>Une fois le paiement re\u00e7u, vous recevrez par courriel un re\u00e7u confirmant votre inscription. \u00a0<\/span><\/p><p><span style=\"font-size: 1.6rem; font-family: georgia, palatino, serif;\">Les inscriptions seront ouvertes pour <strong>les non-r\u00e9sidents le jeudi 19 mars 2026<\/strong>, <strong>\u00e0 9H<\/strong> si l&rsquo;espace le permet.<\/span><\/p><p><span style=\"font-size: 1.6rem; font-family: georgia, palatino, serif;\"><strong>Le nombre de places \u00e9tant extr\u00eamement limit\u00e9<\/strong>, ne tardez pas \u00e0 vous inscrire. Les listes d&rsquo;attente seront \u00e9tablies selon le principe du premier arriv\u00e9, premier servi.<\/span><\/p><p><span style=\"font-size: 1.6rem; font-family: georgia, palatino, serif;\"><strong>COMMENT PUIS-JE M&rsquo;INSCRIRE ?<\/strong><\/span><\/p><p><span style=\"font-family: georgia, palatino, serif; font-size: 1.6rem;\"><strong>Toutes les inscriptions doivent \u00eatre effectu\u00e9es <a href=\"https:\/\/my.hampstead.qc.ca\/login\">EN LIGNE<\/a><\/strong> via notre site web.\u00a0Assurez-vous d\u2019\u00eatre pr\u00eat :<\/span><br data-start=\"1669\" data-end=\"1672\" \/><span style=\"font-family: georgia, palatino, serif; font-size: 1.6rem;\">\u2705 Cr\u00e9ez votre compte\u00a0<a href=\"https:\/\/my.hampstead.qc.ca\/login\" target=\"_blank\" rel=\"noopener noreferrer\"><strong data-start=\"1693\" data-end=\"1710\">Mon.Hampstead<\/strong>.<\/a><\/span><br data-start=\"1711\" data-end=\"1714\" \/><span style=\"font-family: georgia, palatino, serif; font-size: 1.6rem;\">\u2705 Ajoutez les membres de votre famille \u00e0 votre compte et<b> cr\u00e9ez des cartes citoyen pour chaque membre de votre famille<\/b>\u00a0<\/span><br data-start=\"1768\" data-end=\"1771\" \/><span style=\"font-family: georgia, palatino, serif; font-size: 1.6rem;\">\u2705 HAMPSTEAD\/CSL\/MTL-OUEST: Faites votre demande de\u00a0<strong data-start=\"1797\" data-end=\"1832\">carte citoyenne<\/strong>\u00a0(une preuve de r\u00e9sidence est requise pour les enfants et les adultes).<\/span><\/p><p data-start=\"1907\" data-end=\"2024\"><span style=\"font-family: georgia, palatino, serif; font-size: 1.6rem;\"><strong data-start=\"1907\" data-end=\"2022\">Votre carte doit \u00eatre approuv\u00e9e avant de proc\u00e9der \u00e0 l\u2019inscription. Veuillez pr\u00e9voir un d\u00e9lai pour ce processus.<\/strong>\u00a0<\/span><\/p><p data-start=\"2303\" data-end=\"2384\"><span style=\"font-family: georgia, palatino, serif; font-size: 1.6rem;\">Besoin d&rsquo;un coup de main? Consultez notre s\u00e9rie de vid\u00e9os explicatives sur YouTube :\u00a0<a href=\"https:\/\/youtube.com\/playlist?list=PL2v7XtFNwJ808ClgFv2b_B0WN8eaQXqwU&amp;si=r9r0nCUw1SKT-077\" target=\"_blank\" rel=\"noopener noreferrer\"><u>[<strong data-start=\"2365\" data-end=\"2381\">Regarder ici<\/strong>]<\/u><\/a><\/span><\/p><p><span style=\"font-size: 1.6rem; font-family: georgia, palatino, serif;\"><strong>Veuillez noter :<\/strong> Nous <strong>n&rsquo;acceptons pas<\/strong> les inscriptions par t\u00e9l\u00e9phone, fax ou courriel.<\/span><\/p><\/div>\n\t\t\t\t<\/div>\n\t\t\t\t\t\t\t<div class=\"elementor-toggle-item\">\n\t\t\t\t\t<div id=\"elementor-tab-title-7262\" class=\"elementor-tab-title\" data-tab=\"2\" role=\"button\" aria-controls=\"elementor-tab-content-7262\" aria-expanded=\"false\">\n\t\t\t\t\t\t\t\t\t\t\t\t<span class=\"elementor-toggle-icon elementor-toggle-icon-left\" aria-hidden=\"true\">\n\t\t\t\t\t\t\t\t\t\t\t\t\t\t\t<span class=\"elementor-toggle-icon-closed\"><i class=\"fas fa-caret-right\"><\/i><\/span>\n\t\t\t\t\t\t\t\t<span class=\"elementor-toggle-icon-opened\"><i class=\"elementor-toggle-icon-opened fas fa-caret-up\"><\/i><\/span>\n\t\t\t\t\t\t\t\t\t\t\t\t\t<\/span>\n\t\t\t\t\t\t\t\t\t\t\t\t<a class=\"elementor-toggle-title\" tabindex=\"0\">Informations g\u00e9n\u00e9rales<\/a>\n\t\t\t\t\t<\/div>\n\n\t\t\t\t\t<div id=\"elementor-tab-content-7262\" class=\"elementor-tab-content elementor-clearfix\" data-tab=\"2\" role=\"region\" aria-labelledby=\"elementor-tab-title-7262\"><p><span style=\"font-size: 1.6rem; font-family: georgia, palatino, serif;\"><strong>Lieu du camp<\/strong> &#8211; Centre communautaire Irving L. Adessky dans le parc Hampstead.<\/span><\/p><p><span style=\"font-size: 1.6rem; font-family: georgia, palatino, serif;\"><strong>Heures d&rsquo;ouverture du camp<\/strong> &#8211; Du lundi au vendredi, de 9 h \u00e0 16 h<\/span><\/p><p><span style=\"font-size: 1.6rem; font-family: georgia, palatino, serif;\"><strong>Nous joindre<\/strong> &#8211; (514) 369-8200 ext:2\u00a0 (<a title=\"mailto:cdj@hampstead.qc.ca\" href=\"mailto:cdj@hampstead.qc.ca\" data-linkindex=\"1\" data-olk-copy-source=\"MessageBody\">recreation@hampstead.qc.ca<\/a>)\u00a0<\/span><\/p><p><span style=\"font-size: 1.6rem; font-family: georgia, palatino, serif;\"><strong>Co\u00fbt pour session<\/strong><\/span><\/p><p><span style=\"font-size: 1.6rem; font-family: georgia, palatino, serif;\">Session A\u00a0\u00a0\u00a0\u00a0\u00a0\u00a0\u00a0\u00a0\u00a0\u00a0\u00a0\u00a0\u00a0\u00a0\u00a0\u00a0\u00a0\u00a0\u00a0\u00a0\u00a0\u00a0\u00a0\u00a0\u00a0\u00a0 R = 147 $ \/ NR = 168 $ par session<\/span><\/p><p><span style=\"font-size: 1.6rem; font-family: georgia, palatino, serif;\">Sesson B \u2013 H\u00a0\u00a0\u00a0\u00a0\u00a0\u00a0\u00a0\u00a0\u00a0\u00a0\u00a0\u00a0\u00a0\u00a0\u00a0\u00a0\u00a0\u00a0\u00a0\u00a0\u00a0 R = 245 $ \/ NR = 280 $ par session<\/span><\/p><p><span style=\"font-size: 1.6rem; font-family: georgia, palatino, serif;\"><strong>Activit\u00e9s hebdomadaires<\/strong> &#8211; Sports, jeux, arts plastiques, sciences, th\u00e9\u00e2tre, natation, journ\u00e9es \u00e0 th\u00e8me, invit\u00e9s sp\u00e9ciaux et bien plus encore. \u00a0Veuillez noter que certaines activit\u00e9s devront \u00eatre modifi\u00e9es ou chang\u00e9es pour r\u00e9pondre aux directives.<\/span><\/p><p><span style=\"font-size: 1.6rem; font-family: georgia, palatino, serif;\"><strong>Sorties et \u00e9v\u00e9nements sp\u00e9ciaux<\/strong> &#8211; Des sorties \u00e9ducatives aux deux semaines auront lieu pour tous les campeurs.<\/span><\/p><p><span style=\"font-size: 1.6rem; font-family: georgia, palatino, serif;\"><strong>Conditions d&rsquo;inscription<\/strong> &#8211; L&rsquo;enfant doit avoir atteint l&rsquo;\u00e2ge minimum requis par le 30 septembre 2026.\u00a0 AUCUN D`EXCEPTION.<\/span><\/p><p><span style=\"font-size: 1.6rem; font-family: georgia, palatino, serif;\"><strong>Inscription<\/strong> &#8211; <strong><u>Les places sont extr\u00eamement limit\u00e9es<\/u><\/strong> car le nombre maximum de groupes a \u00e9t\u00e9 r\u00e9duit pour r\u00e9pondre aux directives gouvernementales. \u00a0<\/span><\/p><p><span style=\"font-size: 1.6rem; font-family: georgia, palatino, serif;\"><strong>Remboursements<\/strong> &#8211; Les remboursements ne seront pris en compte qu&rsquo;apr\u00e8s r\u00e9ception d&rsquo;une demande \u00e9crite. Des frais administratifs de 20 % seront factur\u00e9s pour tous les remboursements. Veuillez noter qu&rsquo;une fois que la semaine a commenc\u00e9, elle est consid\u00e9r\u00e9e comme termin\u00e9e et aucun remboursement ne sera accord\u00e9. Si, pour quelque raison que ce soit, le camp est annul\u00e9 par la ville, un remboursement complet sera effectu\u00e9.<\/span><\/p><\/div>\n\t\t\t\t<\/div>\n\t\t\t\t\t\t\t<div class=\"elementor-toggle-item\">\n\t\t\t\t\t<div id=\"elementor-tab-title-7263\" class=\"elementor-tab-title\" data-tab=\"3\" role=\"button\" aria-controls=\"elementor-tab-content-7263\" aria-expanded=\"false\">\n\t\t\t\t\t\t\t\t\t\t\t\t<span class=\"elementor-toggle-icon elementor-toggle-icon-left\" aria-hidden=\"true\">\n\t\t\t\t\t\t\t\t\t\t\t\t\t\t\t<span class=\"elementor-toggle-icon-closed\"><i class=\"fas fa-caret-right\"><\/i><\/span>\n\t\t\t\t\t\t\t\t<span class=\"elementor-toggle-icon-opened\"><i class=\"elementor-toggle-icon-opened fas fa-caret-up\"><\/i><\/span>\n\t\t\t\t\t\t\t\t\t\t\t\t\t<\/span>\n\t\t\t\t\t\t\t\t\t\t\t\t<a class=\"elementor-toggle-title\" tabindex=\"0\">Sessions 2026<\/a>\n\t\t\t\t\t<\/div>\n\n\t\t\t\t\t<div id=\"elementor-tab-content-7263\" class=\"elementor-tab-content elementor-clearfix\" data-tab=\"3\" role=\"region\" aria-labelledby=\"elementor-tab-title-7263\"><p><span style=\"font-family: georgia, palatino, serif; font-size: 1.6rem;\">Session A \u2013 24 juin au 26 juin*<\/span><br \/><span style=\"font-family: georgia, palatino, serif; font-size: 1.6rem;\">Session B &#8211; 29 juin au 3 juillet <\/span><br \/><span style=\"font-family: georgia, palatino, serif; font-size: 1.6rem;\">Session C \u2013 6 juillet au 10 juillet <\/span><br \/><span style=\"font-family: georgia, palatino, serif; font-size: 1.6rem;\">Session D \u2013 13 juillet au 17 juillet <\/span><br \/><span style=\"font-family: georgia, palatino, serif; font-size: 1.6rem;\">Session E \u2013 20 juillet au 24 juillet<\/span><br \/><span style=\"font-family: georgia, palatino, serif; font-size: 1.6rem;\">Session F \u2013 27 juillet au 31 juillet<\/span><br \/><span style=\"font-family: georgia, palatino, serif; font-size: 1.6rem;\">Session G \u2013 3 ao\u00fbt au 7 ao\u00fbt <\/span><br \/><span style=\"font-family: georgia, palatino, serif; font-size: 1.6rem;\">Session H \u2013 10 ao\u00fbt au 14 ao\u00fbt<\/span><\/p><p><span style=\"font-size: 1.6rem; font-family: georgia, palatino, serif;\">*Session de 3 jours<\/span><\/p><p><span style=\"font-family: georgia, palatino, serif; font-size: 1.6rem;\"><strong>Service d\u2019arriv\u00e9e h\u00e2tive et de d\u00e9part tardif (co\u00fbt suppl\u00e9mentaires)<\/strong><\/span><\/p><p><span style=\"font-family: georgia, palatino, serif; font-size: 1.6rem;\">Il est maintenant possible de d\u00e9poser vos enfants <strong>t\u00f4t en matin\u00e9e<\/strong> moyennant des frais suppl\u00e9mentaires, et ce, \u00e0 partir de 8h.<\/span><\/p><p><span style=\"font-family: georgia, palatino, serif; font-size: 1.6rem;\">R = 25 $\u00a0 NR = 30 $<\/span><\/p><p><span style=\"font-family: georgia, palatino, serif; font-size: 1.6rem;\">Les parents peuvent aussi venir chercher leurs enfants <strong>plus tard<\/strong> moyennant des frais suppl\u00e9mentaires, et ce, jusqu\u2019\u00e0 17h30.<\/span><\/p><p><span style=\"font-family: georgia, palatino, serif; font-size: 1.6rem;\">R = 30 $\u00a0 NR = 35 $<\/span><\/p><p><span style=\"font-family: georgia, palatino, serif; font-size: 1.6rem;\">La personne autoris\u00e9e doit signer le registre d\u2019entr\u00e9e et de sortie de l\u2019enfant \u00e0 l\u2019int\u00e9rieur du centre communautaire.<\/span><\/p><p><span style=\"font-family: georgia, palatino, serif; font-size: 1.6rem;\">La personne autoris\u00e9e doit signer le registre d\u2019entr\u00e9e et de sortie de l\u2019enfant \u00e0 l\u2019int\u00e9rieur du centre communautaire.<\/span><\/p><\/div>\n\t\t\t\t<\/div>\n\t\t\t\t\t\t\t<div class=\"elementor-toggle-item\">\n\t\t\t\t\t<div id=\"elementor-tab-title-7264\" class=\"elementor-tab-title\" data-tab=\"4\" role=\"button\" aria-controls=\"elementor-tab-content-7264\" aria-expanded=\"false\">\n\t\t\t\t\t\t\t\t\t\t\t\t<span class=\"elementor-toggle-icon elementor-toggle-icon-left\" aria-hidden=\"true\">\n\t\t\t\t\t\t\t\t\t\t\t\t\t\t\t<span class=\"elementor-toggle-icon-closed\"><i class=\"fas fa-caret-right\"><\/i><\/span>\n\t\t\t\t\t\t\t\t<span class=\"elementor-toggle-icon-opened\"><i class=\"elementor-toggle-icon-opened fas fa-caret-up\"><\/i><\/span>\n\t\t\t\t\t\t\t\t\t\t\t\t\t<\/span>\n\t\t\t\t\t\t\t\t\t\t\t\t<a class=\"elementor-toggle-title\" tabindex=\"0\">Groupes de CAMP DE JOUR<\/a>\n\t\t\t\t\t<\/div>\n\n\t\t\t\t\t<div id=\"elementor-tab-content-7264\" class=\"elementor-tab-content elementor-clearfix\" data-tab=\"4\" role=\"region\" aria-labelledby=\"elementor-tab-title-7264\"><p><span style=\"font-size: 1.6rem; font-family: georgia, palatino, serif;\"><strong>GROUPES DE CAMP DE JOUR<\/strong><\/span><\/p><p><span style=\"font-size: 1.6rem; font-family: georgia, palatino, serif;\">*Toutes les sections sont ouvertes \u00e0 tous les campeurs et ne sont pas s\u00e9par\u00e9es par sexe.<\/span><\/p><p><span style=\"font-size: 1.6rem; font-family: georgia, palatino, serif;\"><strong><u>LES GROUPES DE CAMP DE JOURS JUNIOR &amp; SENIOR<\/u><\/strong><\/span><\/p><p><span style=\"font-size: 1.6rem; font-family: georgia, palatino, serif;\">Semaine A : R = 147 $ \/ NR = 168 $ par session<\/span><\/p><p><span style=\"font-size: 1.6rem; font-family: georgia, palatino, serif;\">Semaine B &#8211; H : R = 245 $ \/ NR = 280 $ par session<\/span><\/p><p><span style=\"font-size: 1.6rem; font-family: georgia, palatino, serif;\"><strong>CAMP JUNIOR <\/strong><\/span><\/p><p><span style=\"font-size: 1.6rem; font-family: georgia, palatino, serif;\"><em><u>L&rsquo;enfant doit avoir atteint l&rsquo;\u00e2ge minimum requis par le 30 septembre 2026.\u00a0 AUCUN D`EXCEPTION.<\/u><\/em><\/span><\/p><ul><li><span style=\"font-size: 1.6rem; font-family: georgia, palatino, serif;\"><strong><em>Groupe\u00a0: Un monde d\u2019aventure <\/em><\/strong><strong>&#8211; 5-6 ans.<\/strong> Comprend une vari\u00e9t\u00e9 de sports, d&rsquo;activit\u00e9s artistiques et artisanales, de STEM, de musique, de th\u00e9\u00e2tre, de jeux de groupe, de journ\u00e9es \u00e0 th\u00e8me, d&rsquo;invit\u00e9s sp\u00e9ciaux et de natation.<\/span><\/li><\/ul><p><span style=\"font-size: 1.6rem; font-family: georgia, palatino, serif;\"><strong>CAMP SENIOR<\/strong><\/span><\/p><p><span style=\"font-size: 1.6rem; font-family: georgia, palatino, serif;\"><em><u>L&rsquo;enfant doit avoir atteint l&rsquo;\u00e2ge minimum requis par le 30 septembre 2026.\u00a0 AUCUN D`EXCEPTION.<\/u><\/em><\/span><\/p><ul><li><span style=\"font-size: 1.6rem; font-family: georgia, palatino, serif;\"><strong>Groupe\u00a0: Monde du divertissement &#8211; Les campeurs seront regroup\u00e9s par \u00e2ge 7-9 ans et 10-12 ans.<\/strong><\/span><\/li><\/ul><p><span style=\"font-size: 1.6rem; font-family: georgia, palatino, serif;\">Comprend la musique, le th\u00e9\u00e2tre, l&rsquo;art, les sciences, les sports, les journ\u00e9es \u00e0 th\u00e8me et la natation.<\/span><\/p><ul><li><span style=\"font-size: 1.6rem; font-family: georgia, palatino, serif;\"><strong>Groupe\u00a0: Monde du sport &#8211; Les campeurs seront regroup\u00e9s par \u00e2ge 7-9 ans et 10-12 ans.<\/strong><\/span><\/li><\/ul><p><span style=\"font-size: 1.6rem; font-family: georgia, palatino, serif;\">Comprend une vari\u00e9t\u00e9 d&rsquo;activit\u00e9s sportives d&rsquo;\u00e9quipe telles que le hockey en salle, le football, le basket-ball, ainsi que la natation et des journ\u00e9es \u00e0 th\u00e8me.<\/span><\/p><p><span style=\"font-size: 1.6rem; font-family: georgia, palatino, serif;\"><strong>PROGRAMME MONITEUR EN FORMATION (MEF) (<\/strong><strong>\u00e2ge 13 &#8211; 15 ans)\u00a0 <\/strong><\/span><\/p><p><span style=\"font-size: 1.6rem; font-family: georgia, palatino, serif;\"><em><u>L&rsquo;enfant doit avoir atteint l&rsquo;\u00e2ge minimum requis par le 30 septembre 2026.\u00a0 AUCUN D`EXCEPTION.<\/u><\/em><\/span><\/p><p><span style=\"font-size: 1.6rem; font-family: georgia, palatino, serif;\"><strong>Co\u00fbt par session <\/strong><\/span><\/p><p><span style=\"font-size: 1.6rem; font-family: georgia, palatino, serif;\">\u00a0Semaine A : R =\u00a0 105 $ \/ NR = 123 $ par session<\/span><\/p><p><span style=\"font-size: 1.6rem; font-family: georgia, palatino, serif;\">Semaine B &#8211; H : R = 175 $ \/ NR = 205 $ par session<\/span><\/p><p><span style=\"font-size: 1.6rem; font-family: georgia, palatino, serif;\">Con\u00e7u pour les adolescents, le programme MEF aide les jeunes \u00e0 d\u00e9couvrir leur potentiel, \u00e0 acqu\u00e9rir la motivation n\u00e9cessaire pour redonner \u00e0 la communaut\u00e9 et \u00e0 faire l\u2019apprentissage d\u2019un leadership qui leur servira toute leur vie. Les MEF pourront accompagner les moniteurs, planifier et r\u00e9aliser des activit\u00e9s, et participer \u00e0 des ateliers sur le leadership. Ils auront aussi la chance d\u2019approfondir les techniques d\u2019entrevue et de r\u00e9daction de CV, un atout appr\u00e9ciable pour la vie apr\u00e8s leurs \u00e9tudes secondaires. La camaraderie, les amiti\u00e9s et les enseignements tir\u00e9s du programme MEF les accompagneront toute leur vie! Les MEF ont aussi l\u2019occasion de gravir les \u00e9chelons au sein du personnel et de devenir moniteurs juniors.<\/span><\/p><\/div>\n\t\t\t\t<\/div>\n\t\t\t\t\t\t\t<div class=\"elementor-toggle-item\">\n\t\t\t\t\t<div id=\"elementor-tab-title-7265\" class=\"elementor-tab-title\" data-tab=\"5\" role=\"button\" aria-controls=\"elementor-tab-content-7265\" aria-expanded=\"false\">\n\t\t\t\t\t\t\t\t\t\t\t\t<span class=\"elementor-toggle-icon elementor-toggle-icon-left\" aria-hidden=\"true\">\n\t\t\t\t\t\t\t\t\t\t\t\t\t\t\t<span class=\"elementor-toggle-icon-closed\"><i class=\"fas fa-caret-right\"><\/i><\/span>\n\t\t\t\t\t\t\t\t<span class=\"elementor-toggle-icon-opened\"><i class=\"elementor-toggle-icon-opened fas fa-caret-up\"><\/i><\/span>\n\t\t\t\t\t\t\t\t\t\t\t\t\t<\/span>\n\t\t\t\t\t\t\t\t\t\t\t\t<a class=\"elementor-toggle-title\" tabindex=\"0\">Guide du parent 2026 & l'infolettre hebdomadaire<\/a>\n\t\t\t\t\t<\/div>\n\n\t\t\t\t\t<div id=\"elementor-tab-content-7265\" class=\"elementor-tab-content elementor-clearfix\" data-tab=\"5\" role=\"region\" aria-labelledby=\"elementor-tab-title-7265\"><p><span style=\"font-size: 1.6rem; font-family: georgia, palatino, serif;\"><a href=\"https:\/\/www.hampstead.qc.ca\/wp-content\/uploads\/2026\/02\/Guides-de-parents-2026.pdf\">Guide de parents 2026<\/a><\/span><\/p><p><span style=\"font-size: 1.6rem; font-family: georgia, palatino, serif;\">Infolettre Bilingue:<\/span><\/p><table style=\"border-collapse: collapse; width: 100%; height: 192px;\"><tbody><tr style=\"border-style: solid;\"><td style=\"width: 50%; height: 24px;\"><span style=\"font-size: 1.6rem; font-family: georgia, palatino, serif;\">Semaine A<\/span><\/td><td style=\"width: 50%; height: 24px;\">\u00a0<\/td><\/tr><tr style=\"border-style: solid;\"><td style=\"width: 50%; height: 24px;\"><span style=\"font-size: 1.6rem; font-family: georgia, palatino, serif;\">Semaine B<\/span><\/td><td style=\"width: 50%; height: 24px;\">\u00a0<\/td><\/tr><tr style=\"border-style: solid;\"><td style=\"width: 50%; height: 24px;\"><span style=\"font-size: 1.6rem; font-family: georgia, palatino, serif;\">Semaine C<\/span><\/td><td style=\"width: 50%; height: 24px;\">\u00a0<\/td><\/tr><tr style=\"border-style: solid;\"><td style=\"width: 50%; height: 24px;\"><span style=\"font-size: 1.6rem; font-family: georgia, palatino, serif;\">Semaine D<\/span><\/td><td style=\"width: 50%; height: 24px;\">\u00a0<\/td><\/tr><tr style=\"border-style: solid;\"><td style=\"width: 50%; height: 24px;\"><span style=\"font-size: 1.6rem; font-family: georgia, palatino, serif;\">Semaine E<\/span><\/td><td style=\"width: 50%; height: 24px;\">\u00a0<\/td><\/tr><tr style=\"border-style: solid;\"><td style=\"width: 50%; height: 24px;\"><span style=\"font-size: 1.6rem; font-family: georgia, palatino, serif;\">Semaine F<\/span><\/td><td style=\"width: 50%; height: 24px;\">\u00a0<\/td><\/tr><tr style=\"border-style: solid;\"><td style=\"width: 50%; height: 24px;\"><span style=\"font-size: 1.6rem; font-family: georgia, palatino, serif;\">Semaine G<\/span><\/td><td style=\"width: 50%; height: 24px;\">\u00a0<\/td><\/tr><tr style=\"border-style: solid;\"><td style=\"width: 50%; height: 24px;\"><span style=\"font-size: 1.6rem; font-family: georgia, palatino, serif;\">Semaine H<\/span><\/td><td style=\"width: 50%; height: 24px;\">\u00a0<\/td><\/tr><\/tbody><\/table><\/div>\n\t\t\t\t<\/div>\n\t\t\t\t\t\t\t<div class=\"elementor-toggle-item\">\n\t\t\t\t\t<div id=\"elementor-tab-title-7266\" class=\"elementor-tab-title\" data-tab=\"6\" role=\"button\" aria-controls=\"elementor-tab-content-7266\" aria-expanded=\"false\">\n\t\t\t\t\t\t\t\t\t\t\t\t<span class=\"elementor-toggle-icon elementor-toggle-icon-left\" aria-hidden=\"true\">\n\t\t\t\t\t\t\t\t\t\t\t\t\t\t\t<span class=\"elementor-toggle-icon-closed\"><i class=\"fas fa-caret-right\"><\/i><\/span>\n\t\t\t\t\t\t\t\t<span class=\"elementor-toggle-icon-opened\"><i class=\"elementor-toggle-icon-opened fas fa-caret-up\"><\/i><\/span>\n\t\t\t\t\t\t\t\t\t\t\t\t\t<\/span>\n\t\t\t\t\t\t\t\t\t\t\t\t<a class=\"elementor-toggle-title\" tabindex=\"0\">Sorties pour le camp de jour 2026<\/a>\n\t\t\t\t\t<\/div>\n\n\t\t\t\t\t<div id=\"elementor-tab-content-7266\" class=\"elementor-tab-content elementor-clearfix\" data-tab=\"6\" role=\"region\" aria-labelledby=\"elementor-tab-title-7266\"><p><strong><span style=\"font-size: 1.6rem;\">Voici la liste des sorties pr\u00e9vues pour le camp de jour cet \u00e9t\u00e9 \u202f:<\/span><\/strong><\/p><div><p><strong>Groupe junior<\/strong><br \/><span style=\"text-decoration: underline;\">Monde d&rsquo;aventure :<\/span><br \/>2 juillet \u2013 UPLA<br \/>16 juillet \u2013 Au Pays des Merveilles<br \/>28 juillet \u2013 Centre des sciences<br \/>13 ao\u00fbt \u2013 Funtropolis<\/p><p><strong>Groupe senior<\/strong><br \/>2 juillet \u2013 UPLA<br \/>16 juillet \u2013 iSaute<br \/>31 juillet \u2013 Ninja Factory<br \/>13 ao\u00fbt \u2013 Arbraska Rigaud<\/p><\/div><\/div>\n\t\t\t\t<\/div>\n\t\t\t\t\t\t\t\t<\/div>\n\t\t\t\t\t\t<\/div>\n\t\t\t\t<\/div>\n\t\t\t\t\t<\/div>\n\t\t<\/div>\n\t\t\t\t\t<\/div>\n\t\t<\/section>\n\t\t\t\t<section class=\"elementor-section elementor-top-section elementor-element elementor-element-c47d74a elementor-section-boxed elementor-section-height-default elementor-section-height-default\" data-id=\"c47d74a\" data-element_type=\"section\" data-e-type=\"section\">\n\t\t\t\t\t\t<div class=\"elementor-container elementor-column-gap-default\">\n\t\t\t\t\t<div class=\"elementor-column elementor-col-66 elementor-top-column elementor-element elementor-element-504c8e0\" data-id=\"504c8e0\" data-element_type=\"column\" data-e-type=\"column\">\n\t\t\t<div class=\"elementor-widget-wrap\">\n\t\t\t\t\t\t\t<\/div>\n\t\t<\/div>\n\t\t\t\t<div class=\"elementor-column elementor-col-33 elementor-top-column elementor-element elementor-element-c281b73\" data-id=\"c281b73\" data-element_type=\"column\" data-e-type=\"column\">\n\t\t\t<div class=\"elementor-widget-wrap elementor-element-populated\">\n\t\t\t\t\t\t<div class=\"elementor-element elementor-element-5d44a9c elementor-widget elementor-widget-heading\" data-id=\"5d44a9c\" data-element_type=\"widget\" data-e-type=\"widget\" data-widget_type=\"heading.default\">\n\t\t\t\t<div class=\"elementor-widget-container\">\n\t\t\t\t\t<h4 class=\"elementor-heading-title elementor-size-default\">Cette page r\u00e9pond-elle \u00e0 vos besoins ?<\/h4>\t\t\t\t<\/div>\n\t\t\t\t<\/div>\n\t\t\t\t<div class=\"elementor-element elementor-element-f00b64f elementor-button-align-start elementor-widget elementor-widget-form\" data-id=\"f00b64f\" data-element_type=\"widget\" data-e-type=\"widget\" data-settings=\"{&quot;button_width&quot;:&quot;40&quot;,&quot;step_next_label&quot;:&quot;Next&quot;,&quot;step_previous_label&quot;:&quot;Previous&quot;,&quot;step_type&quot;:&quot;number_text&quot;,&quot;step_icon_shape&quot;:&quot;circle&quot;}\" data-widget_type=\"form.default\">\n\t\t\t\t<div class=\"elementor-widget-container\">\n\t\t\t\t\t\t\t<form class=\"elementor-form\" method=\"post\" name=\"New Form\" aria-label=\"New Form\">\n\t\t\t<input type=\"hidden\" name=\"post_id\" value=\"286\"\/>\n\t\t\t<input type=\"hidden\" name=\"form_id\" value=\"f00b64f\"\/>\n\t\t\t<input type=\"hidden\" name=\"referer_title\" value=\"Camp de jour  - Hampstead\" \/>\n\n\t\t\t\t\t\t\t<input type=\"hidden\" name=\"queried_id\" value=\"286\"\/>\n\t\t\t\n\t\t\t<div class=\"elementor-form-fields-wrapper elementor-labels-above\">\n\t\t\t\t\t\t\t\t<div class=\"elementor-field-type-radio elementor-field-group elementor-column elementor-field-group-satisfaction_radio elementor-col-100 elementor-field-required\">\n\t\t\t\t\t\t\t\t\t\t\t\t<label for=\"form-field-satisfaction_radio\" class=\"elementor-field-label\">\n\t\t\t\t\t\t\t\t<div style=\"color:#888\">Aidez nous \u00e0 optimiser notre site.<\/div>\t\t\t\t\t\t\t<\/label>\n\t\t\t\t\t\t<div class=\"elementor-field-subgroup  \"><span class=\"elementor-field-option\"><input type=\"radio\" value=\"oui\" id=\"form-field-satisfaction_radio-0\" name=\"form_fields[satisfaction_radio]\" required=\"required\"> <label for=\"form-field-satisfaction_radio-0\">Oui<\/label><\/span><span class=\"elementor-field-option\"><input type=\"radio\" value=\"non\" id=\"form-field-satisfaction_radio-1\" name=\"form_fields[satisfaction_radio]\" required=\"required\"> <label for=\"form-field-satisfaction_radio-1\">Non<\/label><\/span><\/div>\t\t\t\t<\/div>\n\t\t\t\t\t\t\t\t<div class=\"elementor-field-type-textarea elementor-field-group elementor-column elementor-field-group-message elementor-col-100\">\n\t\t\t\t\t<textarea class=\"elementor-field-textual elementor-field  elementor-size-sm\" name=\"form_fields[message]\" id=\"form-field-message\" rows=\"4\" placeholder=\"Expliquez\"><\/textarea>\t\t\t\t<\/div>\n\t\t\t\t\t\t\t\t<div class=\"elementor-field-group elementor-column elementor-field-type-submit elementor-col-40 e-form__buttons\">\n\t\t\t\t\t<button class=\"elementor-button elementor-size-sm\" type=\"submit\">\n\t\t\t\t\t\t<span class=\"elementor-button-content-wrapper\">\n\t\t\t\t\t\t\t\t\t\t\t\t\t\t\t\t\t\t\t\t\t\t<span class=\"elementor-button-text\">Envoyer<\/span>\n\t\t\t\t\t\t\t\t\t\t\t\t\t<\/span>\n\t\t\t\t\t<\/button>\n\t\t\t\t<\/div>\n\t\t\t<\/div>\n\t\t<\/form>\n\t\t\t\t\t\t<\/div>\n\t\t\t\t<\/div>\n\t\t\t\t\t<\/div>\n\t\t<\/div>\n\t\t\t\t\t<\/div>\n\t\t<\/section>\n\t\t\t\t<\/div>\n\t\t","protected":false},"excerpt":{"rendered":"<p>La Ville de Hampstead est ravie d&rsquo;annoncer qu&rsquo;elle offrira cette ann\u00e9e un programme de camp de jour de 8 semaines au centre communautaire Irving L. Adessky du parc Hampstead. Notre objectif cet \u00e9t\u00e9 est d&rsquo;offrir un programme s\u00e9curitaire, amusant et diversifi\u00e9 pour que les enfants puissent profiter de leur \u00e9t\u00e9 avec leurs amis. Inscriptions 2026 P\u00c9RIODE D&rsquo;INSCRIPTION L&rsquo;inscription sera ouverte pour les r\u00e9sidents de la ville de Hampstead le mardi 10 mars 2026 \u00e0 9H. D\u00e8s r\u00e9ception de votre formulaire d&rsquo;inscription, vous recevrez par courriel une facture avec des options de paiement en ligne en fonction de l&rsquo;heure. 50% des<\/p>\n","protected":false},"author":2,"featured_media":5675,"parent":946,"menu_order":0,"comment_status":"closed","ping_status":"closed","template":"","meta":{"_acf_changed":false,"footnotes":""},"class_list":["post-286","page","type-page","status-publish","has-post-thumbnail","hentry"],"acf":[],"_links":{"self":[{"href":"https:\/\/www.hampstead.qc.ca\/fr\/wp-json\/wp\/v2\/pages\/286","targetHints":{"allow":["GET"]}}],"collection":[{"href":"https:\/\/www.hampstead.qc.ca\/fr\/wp-json\/wp\/v2\/pages"}],"about":[{"href":"https:\/\/www.hampstead.qc.ca\/fr\/wp-json\/wp\/v2\/types\/page"}],"author":[{"embeddable":true,"href":"https:\/\/www.hampstead.qc.ca\/fr\/wp-json\/wp\/v2\/users\/2"}],"replies":[{"embeddable":true,"href":"https:\/\/www.hampstead.qc.ca\/fr\/wp-json\/wp\/v2\/comments?post=286"}],"version-history":[{"count":0,"href":"https:\/\/www.hampstead.qc.ca\/fr\/wp-json\/wp\/v2\/pages\/286\/revisions"}],"up":[{"embeddable":true,"href":"https:\/\/www.hampstead.qc.ca\/fr\/wp-json\/wp\/v2\/pages\/946"}],"wp:featuredmedia":[{"embeddable":true,"href":"https:\/\/www.hampstead.qc.ca\/fr\/wp-json\/wp\/v2\/media\/5675"}],"wp:attachment":[{"href":"https:\/\/www.hampstead.qc.ca\/fr\/wp-json\/wp\/v2\/media?parent=286"}],"curies":[{"name":"wp","href":"https:\/\/api.w.org\/{rel}","templated":true}]}}